{"id":183,"date":"2023-10-03T16:39:10","date_gmt":"2023-10-03T14:39:10","guid":{"rendered":"https:\/\/new.yamahakatowice.pl\/?page_id=183"},"modified":"2024-10-04T20:52:47","modified_gmt":"2024-10-04T18:52:47","slug":"kajetan-balcer","status":"publish","type":"page","link":"https:\/\/www.yamahakatowice.pl\/index.php\/nauczyciele\/kajetan-balcer\/","title":{"rendered":"Kajetan Balcer-Pinocci"},"content":{"rendered":"\n<p><em>Wokal<\/em><\/p>\n\n\n\n<div class=\"wp-block-media-text is-stacked-on-mobile\" style=\"grid-template-columns:40% auto\"><figure class=\"wp-block-media-text__media\"><img loading=\"lazy\" decoding=\"async\" width=\"683\" height=\"1024\" src=\"https:\/\/www.yamahakatowice.pl\/wp-content\/uploads\/2024\/10\/Kajetan-Balcer.-Fot.-Arkadiusz-Tarlowski-683x1024.jpeg\" alt=\"\" class=\"wp-image-973 size-full\" srcset=\"https:\/\/www.yamahakatowice.pl\/wp-content\/uploads\/2024\/10\/Kajetan-Balcer.-Fot.-Arkadiusz-Tarlowski-683x1024.jpeg 683w, https:\/\/www.yamahakatowice.pl\/wp-content\/uploads\/2024\/10\/Kajetan-Balcer.-Fot.-Arkadiusz-Tarlowski-200x300.jpeg 200w, https:\/\/www.yamahakatowice.pl\/wp-content\/uploads\/2024\/10\/Kajetan-Balcer.-Fot.-Arkadiusz-Tarlowski-768x1152.jpeg 768w, https:\/\/www.yamahakatowice.pl\/wp-content\/uploads\/2024\/10\/Kajetan-Balcer.-Fot.-Arkadiusz-Tarlowski-1024x1536.jpeg 1024w, https:\/\/www.yamahakatowice.pl\/wp-content\/uploads\/2024\/10\/Kajetan-Balcer.-Fot.-Arkadiusz-Tarlowski.jpeg 1365w\" sizes=\"auto, (max-width: 683px) 100vw, 683px\" \/><\/figure><div class=\"wp-block-media-text__content\">\n<p>Trener wokalny propaguj\u0105cy tzw. zdrowe \u015bpiewanie. Absolwent dziennikarstwa muzycznego na Uniwersytecie Dolno\u015bl\u0105skim DSW we Wroc\u0142awiu (dyplom z wyr\u00f3\u017cnieniem). By\u0142y nauczyciel akademicki (wyk\u0142adane przedmioty: zarz\u0105dzanie karier\u0105 wykonawc\u00f3w, kontakt z mediami) oraz prezenter radiowy (wsp\u00f3\u0142prowadz\u0105cy autorsk\u0105 audycj\u0119 muzyczn\u0105 w radiu KRK FM). Go\u015b\u0107 wielu konferencji i debat po\u015bwi\u0119conych bran\u017cy muzycznej.<\/p>\n\n\n\n<p>Przede wszystkim jednak aktywnie koncertuj\u0105cy i nagrywaj\u0105cy wokalista \u2013 frontman pop-rockowej grupy Sami b\u0119d\u0105cej autorem wielkiego hitu \u201eLato 2000\u201d z refrenem: \u201eS\u0142o\u0144ce \u015bwieci nad nami (\u2026)\u201d. W czasie pandemii nagra\u0142 z tym zespo\u0142em utw\u00f3r pt. \u201eTaki prosty\u201d, kt\u00f3ry zaj\u0105\u0142 wysokie miejsca na radiowych listach przeboj\u00f3w: dwukrotnie 1. miejsce w Polskim Radiu Bia\u0142ystok, dwukrotnie 1. miejsce w Radiu Podlasie, 5. miejsce (na 40) w Polskim Radiu Olsztyn, 7. miejsce w Radiu FaMa czy 11. miejsce w Polskim Radiu Katowice. Za spraw\u0105 wydanego w 2024 r. singla \u201eMam do\u015b\u0107\u201d zesp\u00f3\u0142 Sami doceniony zosta\u0142 na arenie mi\u0119dzynarodowej \u2013 zakwalifikowa\u0142 si\u0119 do rankingu \u201e100 Artists to Watch 2024\u201d tworzonego przez organizacj\u0119 Impala (Independent Music Companies Association) we wsp\u00f3\u0142pracy z YouTube&#8217;em. To ogromne wyr\u00f3\u017cnienie, jako \u017ce formacja znalaz\u0142a si\u0119 w\u015br\u00f3d zaledwie setki niezale\u017cnych artyst\u00f3w z ca\u0142ej Europy.<\/p>\n\n\n\n<p>Kajetan Pinocci to r\u00f3wnie\u017c cz\u0142onek Stowarzyszenia Artyst\u00f3w Wykonawc\u00f3w Utwor\u00f3w Muzycznych i S\u0142owno-Muzycznych SAWP, Zwi\u0105zku Producent\u00f3w Audio Video, a tak\u017ce presti\u017cowej Akademii Fonograficznej przyznaj\u0105cej Fryderyki \u2013 nagrody polskiego przemys\u0142u fonograficznego.<\/p>\n\n\n\n<p>Jako wokalista ma na koncie wsp\u00f3\u0142prac\u0119 z takimi artystami, jak np.: Rahim i Kleszcz (na albumie \u201eCyrk na q\u0142q\u201d), raper AeSPe (p\u0142yty: \u201ePer aspera ad astra\u201d, \u201eDysforia\u201d) czy Anita Maroszek (singiel \u201eG\u00f3ry, lasy i gitary\u201d).<\/p>\n\n\n\n<p>W\u0142asne umiej\u0119tno\u015bci szlifowa\u0142 m.in. pod okiem: Hani Stach, dr Danuty Sendeckiej czy Marty Fedyniszyn z zespo\u0142u Frele. Ucz\u0119szcza\u0142 r\u00f3wnie\u017c do Konserwatorium Muzycznego przy Stowarzyszeniu Muzycznym im. Stoi\u0144skiego w Katowicach. Jest laureatem XVIII edycji organizowanego przez t\u0119 instytucj\u0119 Konkursu Wykonawczego. Jeszcze jako nastolatek przez kilka lat \u015bpiewa\u0142 w zespole gospel. Do dzi\u015b soul i jego pochodne uwa\u017ca za muzyk\u0119 swojej duszy.<\/p>\n\n\n\n<p>Prywatnie mi\u0142o\u015bnik podr\u00f3\u017cy i ludzi. W aspekcie pedagogicznym adaptuje s\u0142owa Ludwika van Beethovena, zgodnie z kt\u00f3rymi \u201ezagranie z\u0142ej nuty jest bez znaczenia\u201d, ale \u201egranie bez pasji jest niewybaczalne\u201d.<\/p>\n<\/div><\/div>\n","protected":false},"excerpt":{"rendered":"<p>Wokal Trener wokalny propaguj\u0105cy tzw. zdrowe \u015bpiewanie. Absolwent dziennikarstwa muzycznego na Uniwersytecie Dolno\u015bl\u0105skim DSW we Wroc\u0142awiu (dyplom z wyr\u00f3\u017cnieniem). By\u0142y nauczyciel akademicki (wyk\u0142adane przedmioty: zarz\u0105dzanie karier\u0105 wykonawc\u00f3w, kontakt z mediami) oraz prezenter radiowy (wsp\u00f3\u0142prowadz\u0105cy autorsk\u0105 audycj\u0119 muzyczn\u0105 w radiu KRK FM). Go\u015b\u0107 wielu konferencji i debat po\u015bwi\u0119conych bran\u017cy muzycznej. Przede wszystkim jednak aktywnie koncertuj\u0105cy i [&hellip;]<\/p>\n","protected":false},"author":1,"featured_media":169,"parent":150,"menu_order":0,"comment_status":"closed","ping_status":"closed","template":"","meta":{"footnotes":""},"class_list":["post-183","page","type-page","status-publish","has-post-thumbnail","hentry"],"_links":{"self":[{"href":"https:\/\/www.yamahakatowice.pl\/index.php\/wp-json\/wp\/v2\/pages\/183","targetHints":{"allow":["GET"]}}],"collection":[{"href":"https:\/\/www.yamahakatowice.pl\/index.php\/wp-json\/wp\/v2\/pages"}],"about":[{"href":"https:\/\/www.yamahakatowice.pl\/index.php\/wp-json\/wp\/v2\/types\/page"}],"author":[{"embeddable":true,"href":"https:\/\/www.yamahakatowice.pl\/index.php\/wp-json\/wp\/v2\/users\/1"}],"replies":[{"embeddable":true,"href":"https:\/\/www.yamahakatowice.pl\/index.php\/wp-json\/wp\/v2\/comments?post=183"}],"version-history":[{"count":4,"href":"https:\/\/www.yamahakatowice.pl\/index.php\/wp-json\/wp\/v2\/pages\/183\/revisions"}],"predecessor-version":[{"id":978,"href":"https:\/\/www.yamahakatowice.pl\/index.php\/wp-json\/wp\/v2\/pages\/183\/revisions\/978"}],"up":[{"embeddable":true,"href":"https:\/\/www.yamahakatowice.pl\/index.php\/wp-json\/wp\/v2\/pages\/150"}],"wp:featuredmedia":[{"embeddable":true,"href":"https:\/\/www.yamahakatowice.pl\/index.php\/wp-json\/wp\/v2\/media\/169"}],"wp:attachment":[{"href":"https:\/\/www.yamahakatowice.pl\/index.php\/wp-json\/wp\/v2\/media?parent=183"}],"curies":[{"name":"wp","href":"https:\/\/api.w.org\/{rel}","templated":true}]}}